{"id":237,"date":"2022-11-11T14:38:32","date_gmt":"2022-11-11T14:38:32","guid":{"rendered":"http:\/\/kabinenschmiede.de\/wp\/?page_id=237"},"modified":"2025-06-12T13:47:36","modified_gmt":"2025-06-12T13:47:36","slug":"deckschichten","status":"publish","type":"page","link":"https:\/\/kabinenschmiede.de\/wp\/?page_id=237","title":{"rendered":"Deckschichten"},"content":{"rendered":"\t\t<div data-elementor-type=\"wp-page\" data-elementor-id=\"237\" class=\"elementor elementor-237\">\n\t\t\t\t\t\t\t\t\t<section class=\"elementor-section elementor-top-section elementor-element elementor-element-13ffec9 elementor-section-height-min-height elementor-section-boxed elementor-section-height-default elementor-section-items-middle\" data-id=\"13ffec9\" data-element_type=\"section\" data-settings=\"{&quot;background_background&quot;:&quot;classic&quot;}\">\n\t\t\t\t\t\t<div class=\"elementor-container elementor-column-gap-extended\">\n\t\t\t\t\t<div class=\"elementor-column elementor-col-100 elementor-top-column elementor-element elementor-element-c4eeebe\" data-id=\"c4eeebe\" data-element_type=\"column\">\n\t\t\t<div class=\"elementor-widget-wrap elementor-element-populated\">\n\t\t\t\t\t\t\t\t<div class=\"elementor-element elementor-element-5e3c23d elementor-widget elementor-widget-heading\" data-id=\"5e3c23d\" data-element_type=\"widget\" data-widget_type=\"heading.default\">\n\t\t\t\t<div class=\"elementor-widget-container\">\n\t\t\t<h1 class=\"elementor-heading-title elementor-size-default\">Deckschichten<\/h1>\t\t<\/div>\n\t\t\t\t<\/div>\n\t\t\t\t\t<\/div>\n\t\t<\/div>\n\t\t\t\t\t\t\t<\/div>\n\t\t<\/section>\n\t\t\t\t<section class=\"elementor-section elementor-top-section elementor-element elementor-element-4a72627 elementor-section-boxed elementor-section-height-default elementor-section-height-default\" data-id=\"4a72627\" data-element_type=\"section\" data-settings=\"{&quot;background_background&quot;:&quot;gradient&quot;}\">\n\t\t\t\t\t\t<div class=\"elementor-container elementor-column-gap-default\">\n\t\t\t\t\t<div class=\"elementor-column elementor-col-100 elementor-top-column elementor-element elementor-element-c7bc186\" data-id=\"c7bc186\" data-element_type=\"column\">\n\t\t\t<div class=\"elementor-widget-wrap elementor-element-populated\">\n\t\t\t\t\t\t\t\t<div class=\"elementor-element elementor-element-7e5b54f elementor-invisible elementor-widget elementor-widget-image\" data-id=\"7e5b54f\" data-element_type=\"widget\" data-settings=\"{&quot;_animation&quot;:&quot;zoomIn&quot;}\" data-widget_type=\"image.default\">\n\t\t\t\t<div class=\"elementor-widget-container\">\n\t\t\t\t\t\t\t\t\t\t\t\t\t\t\t<img loading=\"lazy\" decoding=\"async\" width=\"1024\" height=\"205\" src=\"https:\/\/kabinenschmiede.de\/wp\/wp-content\/uploads\/2023\/07\/2019-07_Deckschichten-1024x205.jpg\" class=\"attachment-large size-large wp-image-492\" alt=\"\" srcset=\"https:\/\/kabinenschmiede.de\/wp\/wp-content\/uploads\/2023\/07\/2019-07_Deckschichten-1024x205.jpg 1024w, https:\/\/kabinenschmiede.de\/wp\/wp-content\/uploads\/2023\/07\/2019-07_Deckschichten-300x60.jpg 300w, https:\/\/kabinenschmiede.de\/wp\/wp-content\/uploads\/2023\/07\/2019-07_Deckschichten-768x154.jpg 768w, https:\/\/kabinenschmiede.de\/wp\/wp-content\/uploads\/2023\/07\/2019-07_Deckschichten-1536x307.jpg 1536w, https:\/\/kabinenschmiede.de\/wp\/wp-content\/uploads\/2023\/07\/2019-07_Deckschichten-2048x410.jpg 2048w\" sizes=\"(max-width: 1024px) 100vw, 1024px\" \/>\t\t\t\t\t\t\t\t\t\t\t\t\t\t\t<\/div>\n\t\t\t\t<\/div>\n\t\t\t\t\t<\/div>\n\t\t<\/div>\n\t\t\t\t\t\t\t<\/div>\n\t\t<\/section>\n\t\t\t\t<section class=\"elementor-section elementor-top-section elementor-element elementor-element-da61c58 elementor-section-boxed elementor-section-height-default elementor-section-height-default\" data-id=\"da61c58\" data-element_type=\"section\" data-settings=\"{&quot;background_background&quot;:&quot;classic&quot;}\">\n\t\t\t\t\t\t<div class=\"elementor-container elementor-column-gap-default\">\n\t\t\t\t\t<div class=\"elementor-column elementor-col-100 elementor-top-column elementor-element elementor-element-cec63fe\" data-id=\"cec63fe\" data-element_type=\"column\">\n\t\t\t<div class=\"elementor-widget-wrap elementor-element-populated\">\n\t\t\t\t\t\t\t\t<div class=\"elementor-element elementor-element-4749d43 elementor-widget-divider--view-line elementor-widget elementor-widget-divider\" data-id=\"4749d43\" data-element_type=\"widget\" data-widget_type=\"divider.default\">\n\t\t\t\t<div class=\"elementor-widget-container\">\n\t\t\t\t\t<div class=\"elementor-divider\">\n\t\t\t<span class=\"elementor-divider-separator\">\n\t\t\t\t\t\t<\/span>\n\t\t<\/div>\n\t\t\t\t<\/div>\n\t\t\t\t<\/div>\n\t\t\t\t<section class=\"elementor-section elementor-inner-section elementor-element elementor-element-6b307e7 elementor-section-boxed elementor-section-height-default elementor-section-height-default\" data-id=\"6b307e7\" data-element_type=\"section\">\n\t\t\t\t\t\t<div class=\"elementor-container elementor-column-gap-default\">\n\t\t\t\t\t<div class=\"elementor-column elementor-col-100 elementor-inner-column elementor-element elementor-element-fd68830\" data-id=\"fd68830\" data-element_type=\"column\">\n\t\t\t<div class=\"elementor-widget-wrap elementor-element-populated\">\n\t\t\t\t\t\t\t\t<div class=\"elementor-element elementor-element-6633455 elementor-widget elementor-widget-text-editor\" data-id=\"6633455\" data-element_type=\"widget\" data-widget_type=\"text-editor.default\">\n\t\t\t\t<div class=\"elementor-widget-container\">\n\t\t\t\t\t\t\t<p>F\u00fcr alle Anforderungen &#8211; in spezifischen Qualit\u00e4ten<\/p>\n<p>Die Standard-Deckschichten, welche f\u00fcr die individuelle Fertigung von Sandwichpaneelen eingesetzt werden und GFK-Flachbahnen (glasfaserverst\u00e4rkter Kunststoff) aus deutscher Herstellung.<\/p>\t\t\t\t\t\t<\/div>\n\t\t\t\t<\/div>\n\t\t\t\t\t<\/div>\n\t\t<\/div>\n\t\t\t\t\t\t\t<\/div>\n\t\t<\/section>\n\t\t\t\t<div class=\"elementor-element elementor-element-f53a7db elementor-widget-divider--view-line elementor-widget elementor-widget-divider\" data-id=\"f53a7db\" data-element_type=\"widget\" data-widget_type=\"divider.default\">\n\t\t\t\t<div class=\"elementor-widget-container\">\n\t\t\t\t\t<div class=\"elementor-divider\">\n\t\t\t<span class=\"elementor-divider-separator\">\n\t\t\t\t\t\t<\/span>\n\t\t<\/div>\n\t\t\t\t<\/div>\n\t\t\t\t<\/div>\n\t\t\t\t<section class=\"elementor-section elementor-inner-section elementor-element elementor-element-d5a52e3 elementor-section-boxed elementor-section-height-default elementor-section-height-default\" data-id=\"d5a52e3\" data-element_type=\"section\">\n\t\t\t\t\t\t<div class=\"elementor-container elementor-column-gap-default\">\n\t\t\t\t\t<div class=\"elementor-column elementor-col-50 elementor-inner-column elementor-element elementor-element-e446fd1\" data-id=\"e446fd1\" data-element_type=\"column\">\n\t\t\t<div class=\"elementor-widget-wrap elementor-element-populated\">\n\t\t\t\t\t\t\t\t<div class=\"elementor-element elementor-element-ec12bbb elementor-widget elementor-widget-text-editor\" data-id=\"ec12bbb\" data-element_type=\"widget\" data-widget_type=\"text-editor.default\">\n\t\t\t\t<div class=\"elementor-widget-container\">\n\t\t\t\t\t\t\t<p>Die unterschiedlichen Qualit\u00e4ten sind definiert durch:\u00a0<\/p>\t\t\t\t\t\t<\/div>\n\t\t\t\t<\/div>\n\t\t\t\t\t<\/div>\n\t\t<\/div>\n\t\t\t\t<div class=\"elementor-column elementor-col-50 elementor-inner-column elementor-element elementor-element-78c34c6\" data-id=\"78c34c6\" data-element_type=\"column\">\n\t\t\t<div class=\"elementor-widget-wrap elementor-element-populated\">\n\t\t\t\t\t\t\t\t<div class=\"elementor-element elementor-element-3384770 elementor-widget elementor-widget-text-editor\" data-id=\"3384770\" data-element_type=\"widget\" data-widget_type=\"text-editor.default\">\n\t\t\t\t<div class=\"elementor-widget-container\">\n\t\t\t\t\t\t\t<ul><li>den Oberfl\u00e4chenschutz mit Gelcoat<\/li><li>die Glaseinlagen als Vlies, Matte oder Gewebe\/Gelege<\/li><li>die hohe optische Qualit\u00e4t bis zur High-Gloss-Premiumoberfl\u00e4che f\u00fcr hochwertige optische Anforderungen<\/li><li>St\u00e4rken von 0,7 mm bis maximal 1,5 mm<\/li><li>die unterschiedlichen technischen Werte und optischen Anforderungsprofile<\/li><li>das Fl\u00e4chengewicht<\/li><\/ul>\t\t\t\t\t\t<\/div>\n\t\t\t\t<\/div>\n\t\t\t\t\t<\/div>\n\t\t<\/div>\n\t\t\t\t\t\t\t<\/div>\n\t\t<\/section>\n\t\t\t\t<section class=\"elementor-section elementor-inner-section elementor-element elementor-element-3c84239 elementor-section-boxed elementor-section-height-default elementor-section-height-default\" data-id=\"3c84239\" data-element_type=\"section\">\n\t\t\t\t\t\t<div class=\"elementor-container elementor-column-gap-default\">\n\t\t\t\t\t<div class=\"elementor-column elementor-col-50 elementor-inner-column elementor-element elementor-element-a5395be\" data-id=\"a5395be\" data-element_type=\"column\">\n\t\t\t<div class=\"elementor-widget-wrap elementor-element-populated\">\n\t\t\t\t\t\t\t\t<div class=\"elementor-element elementor-element-95fa8c0 elementor-widget elementor-widget-text-editor\" data-id=\"95fa8c0\" data-element_type=\"widget\" data-widget_type=\"text-editor.default\">\n\t\t\t\t<div class=\"elementor-widget-container\">\n\t\t\t\t\t\t\t<p>Die unterschiedlichen Qualit\u00e4ten sind definiert durch:\u00a0<\/p>\t\t\t\t\t\t<\/div>\n\t\t\t\t<\/div>\n\t\t\t\t\t<\/div>\n\t\t<\/div>\n\t\t\t\t<div class=\"elementor-column elementor-col-50 elementor-inner-column elementor-element elementor-element-7302de6\" data-id=\"7302de6\" data-element_type=\"column\">\n\t\t\t<div class=\"elementor-widget-wrap elementor-element-populated\">\n\t\t\t\t\t\t\t\t<div class=\"elementor-element elementor-element-31206e3 elementor-widget elementor-widget-text-editor\" data-id=\"31206e3\" data-element_type=\"widget\" data-widget_type=\"text-editor.default\">\n\t\t\t\t<div class=\"elementor-widget-container\">\n\t\t\t\t\t\t\t<ul><li>den Oberfl\u00e4chenschutz mit Gelcoat<\/li><li>die Glaseinlagen als Vlies, Matte oder Gewebe\/Gelege<\/li><li>die hohe optische Qualit\u00e4t bis zur High-Gloss-Premiumoberfl\u00e4che f\u00fcr hochwertige optische Anforderungen<\/li><li>St\u00e4rken von 0,7 mm bis maximal 1,5 mm<\/li><li>die unterschiedlichen technischen Werte und optischen Anforderungsprofile<\/li><li>das Fl\u00e4chengewicht<\/li><\/ul>\t\t\t\t\t\t<\/div>\n\t\t\t\t<\/div>\n\t\t\t\t\t<\/div>\n\t\t<\/div>\n\t\t\t\t\t\t\t<\/div>\n\t\t<\/section>\n\t\t\t\t\t<\/div>\n\t\t<\/div>\n\t\t\t\t\t\t\t<\/div>\n\t\t<\/section>\n\t\t\t\t<section class=\"elementor-section elementor-top-section elementor-element elementor-element-e083dd0 elementor-section-boxed elementor-section-height-default elementor-section-height-default\" data-id=\"e083dd0\" data-element_type=\"section\" data-settings=\"{&quot;background_background&quot;:&quot;classic&quot;}\">\n\t\t\t\t\t\t<div class=\"elementor-container elementor-column-gap-default\">\n\t\t\t\t\t<div class=\"elementor-column elementor-col-100 elementor-top-column elementor-element elementor-element-9f3cf47\" data-id=\"9f3cf47\" data-element_type=\"column\">\n\t\t\t<div class=\"elementor-widget-wrap elementor-element-populated\">\n\t\t\t\t\t\t\t\t<div class=\"elementor-element elementor-element-1ed37d7 elementor-widget elementor-widget-heading\" data-id=\"1ed37d7\" data-element_type=\"widget\" data-widget_type=\"heading.default\">\n\t\t\t\t<div class=\"elementor-widget-container\">\n\t\t\t<h2 class=\"elementor-heading-title elementor-size-default\">Eigenschaften der Deckschichten<\/h2>\t\t<\/div>\n\t\t\t\t<\/div>\n\t\t\t\t<div class=\"elementor-element elementor-element-2f1956b elementor-widget elementor-widget-toggle\" data-id=\"2f1956b\" data-element_type=\"widget\" data-widget_type=\"toggle.default\">\n\t\t\t\t<div class=\"elementor-widget-container\">\n\t\t\t\t\t<div class=\"elementor-toggle\">\n\t\t\t\t\t\t\t<div class=\"elementor-toggle-item\">\n\t\t\t\t\t<div id=\"elementor-tab-title-4931\" class=\"elementor-tab-title\" data-tab=\"1\" role=\"button\" aria-controls=\"elementor-tab-content-4931\" aria-expanded=\"false\">\n\t\t\t\t\t\t\t\t\t\t\t\t<span class=\"elementor-toggle-icon elementor-toggle-icon-left\" aria-hidden=\"true\">\n\t\t\t\t\t\t\t\t\t\t\t\t\t\t\t<span class=\"elementor-toggle-icon-closed\"><i class=\"fas fa-caret-right\"><\/i><\/span>\n\t\t\t\t\t\t\t\t<span class=\"elementor-toggle-icon-opened\"><i class=\"elementor-toggle-icon-opened fas fa-caret-up\"><\/i><\/span>\n\t\t\t\t\t\t\t\t\t\t\t\t\t<\/span>\n\t\t\t\t\t\t\t\t\t\t\t\t<a class=\"elementor-toggle-title\" tabindex=\"0\">Harze<\/a>\n\t\t\t\t\t<\/div>\n\n\t\t\t\t\t<div id=\"elementor-tab-content-4931\" class=\"elementor-tab-content elementor-clearfix\" data-tab=\"1\" role=\"region\" aria-labelledby=\"elementor-tab-title-4931\"><p>Die Deckschichten bestehen aus unges\u00e4ttigten Polyester- oder Epoxidharzen. Mit der Auswahl der harze lassen sich unter anderem folgende Eigenschaften der gew\u00fcnschten GFK-Flachbahnen beeinflussen:<\/p><ul><li>Flexibilt\u00e4t<\/li><li>Schlagz\u00e4higkeit<\/li><li>Oberfl\u00e4cheng\u00fcte<\/li><\/ul><\/div>\n\t\t\t\t<\/div>\n\t\t\t\t\t\t\t<div class=\"elementor-toggle-item\">\n\t\t\t\t\t<div id=\"elementor-tab-title-4932\" class=\"elementor-tab-title\" data-tab=\"2\" role=\"button\" aria-controls=\"elementor-tab-content-4932\" aria-expanded=\"false\">\n\t\t\t\t\t\t\t\t\t\t\t\t<span class=\"elementor-toggle-icon elementor-toggle-icon-left\" aria-hidden=\"true\">\n\t\t\t\t\t\t\t\t\t\t\t\t\t\t\t<span class=\"elementor-toggle-icon-closed\"><i class=\"fas fa-caret-right\"><\/i><\/span>\n\t\t\t\t\t\t\t\t<span class=\"elementor-toggle-icon-opened\"><i class=\"elementor-toggle-icon-opened fas fa-caret-up\"><\/i><\/span>\n\t\t\t\t\t\t\t\t\t\t\t\t\t<\/span>\n\t\t\t\t\t\t\t\t\t\t\t\t<a class=\"elementor-toggle-title\" tabindex=\"0\">UV-Schutz<\/a>\n\t\t\t\t\t<\/div>\n\n\t\t\t\t\t<div id=\"elementor-tab-content-4932\" class=\"elementor-tab-content elementor-clearfix\" data-tab=\"2\" role=\"region\" aria-labelledby=\"elementor-tab-title-4932\"><p>Der glasfaserverst\u00e4rkte Kunststoff (GFK) wird f\u00fcr eine erh\u00f6hte UV-Stabilit\u00e4t au\u00dfen zus\u00e4tzlich mit einem speziellen harz, auch Gelcoat genannt, versehen.\u00a0<\/p><p>F\u00fcr die Herstellung von besonders hochwertigen GFK-Oberfl\u00e4chen wird ein spezielles Gelcoat in gr\u00f6\u00dferer Dicke aufgebracht. Damit und durch das besondere Fertigungsverfahren wird eine Hochglanzqualit\u00e4t (HighGloss) erreicht, die lack\u00e4hnlich erscheint.<\/p><p>Diese Gelcoatschicht ist f\u00fcr Au\u00dfenanwendungen immer erforderlich, da es sonst unter Sonnen- und damit UV-Einstrahlungen zu Zersetzungsprozessen an der Oberfl\u00e4che der GFK-Flachbahn kommt.<\/p><p>Wir empfehlen immer einen beidseitigen Gelcoatauftrag. Dies hat unser anderem den Vorteil, dass:\u00a0<\/p><ul><li>das Paneel beidseitig eine gleichm\u00e4\u00dfige Oberfl\u00e4cheng\u00fcte aufweist<\/li><li>das Paneel auch f\u00fcr die Au\u00dfenanwendung optimal geeignet ist<\/li><\/ul><p>\u00a0<\/p><\/div>\n\t\t\t\t<\/div>\n\t\t\t\t\t\t\t<div class=\"elementor-toggle-item\">\n\t\t\t\t\t<div id=\"elementor-tab-title-4933\" class=\"elementor-tab-title\" data-tab=\"3\" role=\"button\" aria-controls=\"elementor-tab-content-4933\" aria-expanded=\"false\">\n\t\t\t\t\t\t\t\t\t\t\t\t<span class=\"elementor-toggle-icon elementor-toggle-icon-left\" aria-hidden=\"true\">\n\t\t\t\t\t\t\t\t\t\t\t\t\t\t\t<span class=\"elementor-toggle-icon-closed\"><i class=\"fas fa-caret-right\"><\/i><\/span>\n\t\t\t\t\t\t\t\t<span class=\"elementor-toggle-icon-opened\"><i class=\"elementor-toggle-icon-opened fas fa-caret-up\"><\/i><\/span>\n\t\t\t\t\t\t\t\t\t\t\t\t\t<\/span>\n\t\t\t\t\t\t\t\t\t\t\t\t<a class=\"elementor-toggle-title\" tabindex=\"0\">Fertigungsbreiten<\/a>\n\t\t\t\t\t<\/div>\n\n\t\t\t\t\t<div id=\"elementor-tab-content-4933\" class=\"elementor-tab-content elementor-clearfix\" data-tab=\"3\" role=\"region\" aria-labelledby=\"elementor-tab-title-4933\"><p>Die GFK-Flachbahnen sind in folgenden Fertigungsbreiten (Paneelnutzbreiten) in der Regel an Lager verf\u00fcgbar:\u00a0<\/p><ul><li>2.000<\/li><li>2.100<\/li><li>2.200<\/li><li>2.300<\/li><li>2.400<\/li><li>2.500<\/li><\/ul><p>Einzelne Zwischenbreiten lasen sich durch Vorkonfektion der GFK-Flachbahn vor dem Verkleben problemlos herstellen.<\/p><\/div>\n\t\t\t\t<\/div>\n\t\t\t\t\t\t\t<div class=\"elementor-toggle-item\">\n\t\t\t\t\t<div id=\"elementor-tab-title-4934\" class=\"elementor-tab-title\" data-tab=\"4\" role=\"button\" aria-controls=\"elementor-tab-content-4934\" aria-expanded=\"false\">\n\t\t\t\t\t\t\t\t\t\t\t\t<span class=\"elementor-toggle-icon elementor-toggle-icon-left\" aria-hidden=\"true\">\n\t\t\t\t\t\t\t\t\t\t\t\t\t\t\t<span class=\"elementor-toggle-icon-closed\"><i class=\"fas fa-caret-right\"><\/i><\/span>\n\t\t\t\t\t\t\t\t<span class=\"elementor-toggle-icon-opened\"><i class=\"elementor-toggle-icon-opened fas fa-caret-up\"><\/i><\/span>\n\t\t\t\t\t\t\t\t\t\t\t\t\t<\/span>\n\t\t\t\t\t\t\t\t\t\t\t\t<a class=\"elementor-toggle-title\" tabindex=\"0\">Verst\u00e4rkung-\/Tr\u00e4germaterial<\/a>\n\t\t\t\t\t<\/div>\n\n\t\t\t\t\t<div id=\"elementor-tab-content-4934\" class=\"elementor-tab-content elementor-clearfix\" data-tab=\"4\" role=\"region\" aria-labelledby=\"elementor-tab-title-4934\"><p>Die Verst\u00e4rkung-\/Tr\u00e4germaterialien der GFK-Flachbahnen bestehen prinzipiell aus Glasfaser. Diese werden als Glasmatten, Glasvlies, Glasgewebe und\/oder Glasgelege mit unterschiedlichen Grammatiken Kundin unterschiedlichen Zusammenstellungen innerhalb des Aufbaus variiert.\u00a0<\/p><p><strong>Bedeutung der unterschiedlichen Glassorten f\u00fcr die GFK-Flachbahnen:<\/strong><\/p><p><strong>Glasmatten<\/strong> bestehen aus ungerichteten Glasfasern in unterschiedlichen Grammatiken. Sie sind im Wesentlichen f\u00fcr die mechanischen und thermischen Eigenschaften der GFK-Flachbahnen verantwortlich.<\/p><p><strong>Glasvliese<\/strong> werden unter anderem zur Verbesserung der Oberfl\u00e4chenoptik\/Obergl\u00e4cheng\u00fcte eingesetzt, das das feine Vlies die Glasabzeichnungen an der Laminatoberfl\u00e4che deutlich reduziert.<\/p><p><strong>Glasgewebe<\/strong> besteht aus gerichteten Glasfasern in unterschiedlichen Grammatiken, was besonders die Festigkeitswerte in den beiden Hauptrichtungen (Kette und Schuss) positiv beeinflusst.<\/p><p><strong>Glasgelege<\/strong> wird als biaxiales oder quadraxiales Gelege f\u00fcr besonders hohe Festigkeit der GFK-Flachbahn bei deutlich reduzierter Dicke und damit Gewicht\/m\u00b2 in Kombination mit den zuvor vorgestellten Glasqualit\u00e4ten eingesetzt.\u00a0<\/p><p>Bei dieser Kombination erh\u00f6ht sich besonders die Biegesteifigkeit und Schlagfestigkeit der Deckschicht. Au\u00dferdem wird die Fertigung eines hochsteifen und somit stabilen Sandwiches bei deutlich geringeren St\u00e4rken der Flachbahnen erm\u00f6glicht. Dadurch sind Gewichtsersparungen von bis zu 25%\/m\u00b2 Sandwichpaneel m\u00f6glich, ohne dass das Sandwich an Stabilit\u00e4t einb\u00fc\u00dft.<\/p><\/div>\n\t\t\t\t<\/div>\n\t\t\t\t\t\t\t<div class=\"elementor-toggle-item\">\n\t\t\t\t\t<div id=\"elementor-tab-title-4935\" class=\"elementor-tab-title\" data-tab=\"5\" role=\"button\" aria-controls=\"elementor-tab-content-4935\" aria-expanded=\"false\">\n\t\t\t\t\t\t\t\t\t\t\t\t<span class=\"elementor-toggle-icon elementor-toggle-icon-left\" aria-hidden=\"true\">\n\t\t\t\t\t\t\t\t\t\t\t\t\t\t\t<span class=\"elementor-toggle-icon-closed\"><i class=\"fas fa-caret-right\"><\/i><\/span>\n\t\t\t\t\t\t\t\t<span class=\"elementor-toggle-icon-opened\"><i class=\"elementor-toggle-icon-opened fas fa-caret-up\"><\/i><\/span>\n\t\t\t\t\t\t\t\t\t\t\t\t\t<\/span>\n\t\t\t\t\t\t\t\t\t\t\t\t<a class=\"elementor-toggle-title\" tabindex=\"0\">Farben<\/a>\n\t\t\t\t\t<\/div>\n\n\t\t\t\t\t<div id=\"elementor-tab-content-4935\" class=\"elementor-tab-content elementor-clearfix\" data-tab=\"5\" role=\"region\" aria-labelledby=\"elementor-tab-title-4935\"><p>Die Deckschichten werden standardisiert in der Farbe \u00e4hnlich RAL 9016 &#8211; verkehrswei\u00df bevorratet.<\/p><\/div>\n\t\t\t\t<\/div>\n\t\t\t\t\t\t\t\t<\/div>\n\t\t\t\t<\/div>\n\t\t\t\t<\/div>\n\t\t\t\t\t<\/div>\n\t\t<\/div>\n\t\t\t\t\t\t\t<\/div>\n\t\t<\/section>\n\t\t\t\t<section class=\"elementor-section elementor-top-section elementor-element elementor-element-5be7068 elementor-section-boxed elementor-section-height-default elementor-section-height-default\" data-id=\"5be7068\" data-element_type=\"section\" data-settings=\"{&quot;background_background&quot;:&quot;classic&quot;}\">\n\t\t\t\t\t\t<div class=\"elementor-container elementor-column-gap-default\">\n\t\t\t\t\t<div class=\"elementor-column elementor-col-100 elementor-top-column elementor-element elementor-element-f7f5639\" data-id=\"f7f5639\" data-element_type=\"column\">\n\t\t\t<div class=\"elementor-widget-wrap elementor-element-populated\">\n\t\t\t\t\t\t\t\t<div class=\"elementor-element elementor-element-d017ba4 elementor-widget elementor-widget-heading\" data-id=\"d017ba4\" data-element_type=\"widget\" data-widget_type=\"heading.default\">\n\t\t\t\t<div class=\"elementor-widget-container\">\n\t\t\t<h2 class=\"elementor-heading-title elementor-size-default\">Eigenschaften der Deckschichten<\/h2>\t\t<\/div>\n\t\t\t\t<\/div>\n\t\t\t\t<section class=\"elementor-section elementor-inner-section elementor-element elementor-element-f2752ef elementor-section-boxed elementor-section-height-default elementor-section-height-default\" data-id=\"f2752ef\" data-element_type=\"section\">\n\t\t\t\t\t\t<div class=\"elementor-container elementor-column-gap-default\">\n\t\t\t\t\t<div class=\"elementor-column elementor-col-50 elementor-inner-column elementor-element elementor-element-bcd8b44\" data-id=\"bcd8b44\" data-element_type=\"column\">\n\t\t\t<div class=\"elementor-widget-wrap elementor-element-populated\">\n\t\t\t\t\t\t\t\t<div class=\"elementor-element elementor-element-8d64d69 elementor-invisible elementor-widget elementor-widget-image\" data-id=\"8d64d69\" data-element_type=\"widget\" data-settings=\"{&quot;_animation&quot;:&quot;zoomIn&quot;}\" data-widget_type=\"image.default\">\n\t\t\t\t<div class=\"elementor-widget-container\">\n\t\t\t\t\t\t\t\t\t\t\t\t\t\t\t<img loading=\"lazy\" decoding=\"async\" width=\"1024\" height=\"881\" src=\"https:\/\/kabinenschmiede.de\/wp\/wp-content\/uploads\/2023\/11\/PowerStar-Plus-08-mm-1024x881.jpg\" class=\"attachment-large size-large wp-image-683\" alt=\"\" srcset=\"https:\/\/kabinenschmiede.de\/wp\/wp-content\/uploads\/2023\/11\/PowerStar-Plus-08-mm-1024x881.jpg 1024w, https:\/\/kabinenschmiede.de\/wp\/wp-content\/uploads\/2023\/11\/PowerStar-Plus-08-mm-300x258.jpg 300w, https:\/\/kabinenschmiede.de\/wp\/wp-content\/uploads\/2023\/11\/PowerStar-Plus-08-mm-768x661.jpg 768w, https:\/\/kabinenschmiede.de\/wp\/wp-content\/uploads\/2023\/11\/PowerStar-Plus-08-mm-1536x1322.jpg 1536w, https:\/\/kabinenschmiede.de\/wp\/wp-content\/uploads\/2023\/11\/PowerStar-Plus-08-mm-2048x1763.jpg 2048w\" sizes=\"(max-width: 1024px) 100vw, 1024px\" \/>\t\t\t\t\t\t\t\t\t\t\t\t\t\t\t<\/div>\n\t\t\t\t<\/div>\n\t\t\t\t<div class=\"elementor-element elementor-element-4505e41 elementor-widget elementor-widget-text-editor\" data-id=\"4505e41\" data-element_type=\"widget\" data-widget_type=\"text-editor.default\">\n\t\t\t\t<div class=\"elementor-widget-container\">\n\t\t\t\t\t\t\t<p><strong>PowerStar +<\/strong><\/p>\t\t\t\t\t\t<\/div>\n\t\t\t\t<\/div>\n\t\t\t\t<div class=\"elementor-element elementor-element-4dd15d9 elementor-widget elementor-widget-text-editor\" data-id=\"4dd15d9\" data-element_type=\"widget\" data-widget_type=\"text-editor.default\">\n\t\t\t\t<div class=\"elementor-widget-container\">\n\t\t\t\t\t\t\t<ul><li>in den St\u00e4rken 0,8 mm, 1,1 mm und 1,5 mm<\/li><li>in RAL 9016, verkehrswei\u00df<\/li><li>mit Gelcoat<\/li><li>lackierbar<\/li><li>bis zu einer maximalen Breite von 3.000 mm<\/li><li><a href=\"https:\/\/www.paneeltec.de\/wp-content\/uploads\/2021\/06\/2019-07_Datenblaetter_PS_FG.pdf\">Mehr erfahren&#8230;<\/a><\/li><\/ul>\t\t\t\t\t\t<\/div>\n\t\t\t\t<\/div>\n\t\t\t\t\t<\/div>\n\t\t<\/div>\n\t\t\t\t<div class=\"elementor-column elementor-col-50 elementor-inner-column elementor-element elementor-element-ab24c86\" data-id=\"ab24c86\" data-element_type=\"column\">\n\t\t\t<div class=\"elementor-widget-wrap elementor-element-populated\">\n\t\t\t\t\t\t\t\t<div class=\"elementor-element elementor-element-7fd1af7 elementor-invisible elementor-widget elementor-widget-image\" data-id=\"7fd1af7\" data-element_type=\"widget\" data-settings=\"{&quot;_animation&quot;:&quot;zoomIn&quot;}\" data-widget_type=\"image.default\">\n\t\t\t\t<div class=\"elementor-widget-container\">\n\t\t\t\t\t\t\t\t\t\t\t\t\t\t\t<img loading=\"lazy\" decoding=\"async\" width=\"1024\" height=\"881\" src=\"https:\/\/kabinenschmiede.de\/wp\/wp-content\/uploads\/2023\/11\/PowerStar-Plus-FG-07-mm-1024x881.jpg\" class=\"attachment-large size-large wp-image-685\" alt=\"\" srcset=\"https:\/\/kabinenschmiede.de\/wp\/wp-content\/uploads\/2023\/11\/PowerStar-Plus-FG-07-mm-1024x881.jpg 1024w, https:\/\/kabinenschmiede.de\/wp\/wp-content\/uploads\/2023\/11\/PowerStar-Plus-FG-07-mm-300x258.jpg 300w, https:\/\/kabinenschmiede.de\/wp\/wp-content\/uploads\/2023\/11\/PowerStar-Plus-FG-07-mm-768x661.jpg 768w, https:\/\/kabinenschmiede.de\/wp\/wp-content\/uploads\/2023\/11\/PowerStar-Plus-FG-07-mm-1536x1322.jpg 1536w, https:\/\/kabinenschmiede.de\/wp\/wp-content\/uploads\/2023\/11\/PowerStar-Plus-FG-07-mm-2048x1763.jpg 2048w\" sizes=\"(max-width: 1024px) 100vw, 1024px\" \/>\t\t\t\t\t\t\t\t\t\t\t\t\t\t\t<\/div>\n\t\t\t\t<\/div>\n\t\t\t\t<div class=\"elementor-element elementor-element-9b377d4 elementor-widget elementor-widget-text-editor\" data-id=\"9b377d4\" data-element_type=\"widget\" data-widget_type=\"text-editor.default\">\n\t\t\t\t<div class=\"elementor-widget-container\">\n\t\t\t\t\t\t\t<p><strong>PowerStar + Feingewebe (FG)<\/strong><\/p>\t\t\t\t\t\t<\/div>\n\t\t\t\t<\/div>\n\t\t\t\t<div class=\"elementor-element elementor-element-e18f9d8 elementor-widget elementor-widget-text-editor\" data-id=\"e18f9d8\" data-element_type=\"widget\" data-widget_type=\"text-editor.default\">\n\t\t\t\t<div class=\"elementor-widget-container\">\n\t\t\t\t\t\t\t<ul><li>in der St\u00e4rke 0,7 mm<\/li><li><span style=\"font-family: var(--bodyfontfamily),var(--nv-fallback-ff); font-size: var(--bodyfontsize); letter-spacing: var(--bodyletterspacing); text-transform: var(--bodytexttransform);\">in RAL 9016, verkehrswei\u00df<\/span><\/li><li>mit Gelcoat<\/li><li>lackierbar<\/li><li>bis zu einer maximalen Breite von 2.480 mm<\/li><li><a href=\"https:\/\/www.paneeltec.de\/wp-content\/uploads\/2021\/06\/2019-07_Datenblaetter_PS_FG.pdf\">Mehr erfahren&#8230;<\/a><\/li><\/ul>\t\t\t\t\t\t<\/div>\n\t\t\t\t<\/div>\n\t\t\t\t\t<\/div>\n\t\t<\/div>\n\t\t\t\t\t\t\t<\/div>\n\t\t<\/section>\n\t\t\t\t<section class=\"elementor-section elementor-inner-section elementor-element elementor-element-7cc54ed elementor-section-boxed elementor-section-height-default elementor-section-height-default\" data-id=\"7cc54ed\" data-element_type=\"section\">\n\t\t\t\t\t\t<div class=\"elementor-container elementor-column-gap-default\">\n\t\t\t\t\t<div class=\"elementor-column elementor-col-50 elementor-inner-column elementor-element elementor-element-c7e5a48\" data-id=\"c7e5a48\" data-element_type=\"column\">\n\t\t\t<div class=\"elementor-widget-wrap elementor-element-populated\">\n\t\t\t\t\t\t\t\t<div class=\"elementor-element elementor-element-76ee814 elementor-invisible elementor-widget elementor-widget-image\" data-id=\"76ee814\" data-element_type=\"widget\" data-settings=\"{&quot;_animation&quot;:&quot;zoomIn&quot;}\" data-widget_type=\"image.default\">\n\t\t\t\t<div class=\"elementor-widget-container\">\n\t\t\t\t\t\t\t\t\t\t\t\t\t\t\t<img loading=\"lazy\" decoding=\"async\" width=\"1024\" height=\"881\" src=\"https:\/\/kabinenschmiede.de\/wp\/wp-content\/uploads\/2023\/11\/PowerStar-Plus-EP45-07-mm-1024x881.jpg\" class=\"attachment-large size-large wp-image-684\" alt=\"\" srcset=\"https:\/\/kabinenschmiede.de\/wp\/wp-content\/uploads\/2023\/11\/PowerStar-Plus-EP45-07-mm-1024x881.jpg 1024w, https:\/\/kabinenschmiede.de\/wp\/wp-content\/uploads\/2023\/11\/PowerStar-Plus-EP45-07-mm-300x258.jpg 300w, https:\/\/kabinenschmiede.de\/wp\/wp-content\/uploads\/2023\/11\/PowerStar-Plus-EP45-07-mm-768x661.jpg 768w, https:\/\/kabinenschmiede.de\/wp\/wp-content\/uploads\/2023\/11\/PowerStar-Plus-EP45-07-mm-1536x1322.jpg 1536w, https:\/\/kabinenschmiede.de\/wp\/wp-content\/uploads\/2023\/11\/PowerStar-Plus-EP45-07-mm-2048x1763.jpg 2048w\" sizes=\"(max-width: 1024px) 100vw, 1024px\" \/>\t\t\t\t\t\t\t\t\t\t\t\t\t\t\t<\/div>\n\t\t\t\t<\/div>\n\t\t\t\t<div class=\"elementor-element elementor-element-3098a5e elementor-widget elementor-widget-text-editor\" data-id=\"3098a5e\" data-element_type=\"widget\" data-widget_type=\"text-editor.default\">\n\t\t\t\t<div class=\"elementor-widget-container\">\n\t\t\t\t\t\t\t<p><strong>PowerStar + EP 45<\/strong><\/p>\t\t\t\t\t\t<\/div>\n\t\t\t\t<\/div>\n\t\t\t\t<div class=\"elementor-element elementor-element-ee94c47 elementor-widget elementor-widget-text-editor\" data-id=\"ee94c47\" data-element_type=\"widget\" data-widget_type=\"text-editor.default\">\n\t\t\t\t<div class=\"elementor-widget-container\">\n\t\t\t\t\t\t\t<ul><li>in der St\u00e4rke 0,7 mm (auch in matt)<\/li><li><span style=\"font-family: var(--bodyfontfamily),var(--nv-fallback-ff); font-size: var(--bodyfontsize); letter-spacing: var(--bodyletterspacing); text-transform: var(--bodytexttransform);\">in RAL 9016, verkehrswei\u00df<\/span><\/li><li>mit Gelcoat<\/li><li>lackierbar<\/li><li>mit Epoxidharz (Geruchsarm)<\/li><li>bis zu einer maximalen Breite von 2.480 mm<\/li><li><a href=\"https:\/\/www.paneeltec.de\/wp-content\/uploads\/2021\/06\/2019-07_Datenblaetter_EP.pdf\">Mehr erfahren&#8230;<\/a><\/li><\/ul>\t\t\t\t\t\t<\/div>\n\t\t\t\t<\/div>\n\t\t\t\t\t<\/div>\n\t\t<\/div>\n\t\t\t\t<div class=\"elementor-column elementor-col-50 elementor-inner-column elementor-element elementor-element-d7eafc5\" data-id=\"d7eafc5\" data-element_type=\"column\">\n\t\t\t<div class=\"elementor-widget-wrap elementor-element-populated\">\n\t\t\t\t\t\t\t\t<div class=\"elementor-element elementor-element-c4a7424 elementor-invisible elementor-widget elementor-widget-image\" data-id=\"c4a7424\" data-element_type=\"widget\" data-settings=\"{&quot;_animation&quot;:&quot;zoomIn&quot;}\" data-widget_type=\"image.default\">\n\t\t\t\t<div class=\"elementor-widget-container\">\n\t\t\t\t\t\t\t\t\t\t\t\t\t\t\t<img loading=\"lazy\" decoding=\"async\" width=\"1024\" height=\"881\" src=\"https:\/\/kabinenschmiede.de\/wp\/wp-content\/uploads\/2023\/11\/Performance-Plus-1024x881.jpg\" class=\"attachment-large size-large wp-image-686\" alt=\"\" srcset=\"https:\/\/kabinenschmiede.de\/wp\/wp-content\/uploads\/2023\/11\/Performance-Plus-1024x881.jpg 1024w, https:\/\/kabinenschmiede.de\/wp\/wp-content\/uploads\/2023\/11\/Performance-Plus-300x258.jpg 300w, https:\/\/kabinenschmiede.de\/wp\/wp-content\/uploads\/2023\/11\/Performance-Plus-768x661.jpg 768w, https:\/\/kabinenschmiede.de\/wp\/wp-content\/uploads\/2023\/11\/Performance-Plus-1536x1322.jpg 1536w, https:\/\/kabinenschmiede.de\/wp\/wp-content\/uploads\/2023\/11\/Performance-Plus-2048x1763.jpg 2048w\" sizes=\"(max-width: 1024px) 100vw, 1024px\" \/>\t\t\t\t\t\t\t\t\t\t\t\t\t\t\t<\/div>\n\t\t\t\t<\/div>\n\t\t\t\t<div class=\"elementor-element elementor-element-693c94b elementor-widget elementor-widget-text-editor\" data-id=\"693c94b\" data-element_type=\"widget\" data-widget_type=\"text-editor.default\">\n\t\t\t\t<div class=\"elementor-widget-container\">\n\t\t\t\t\t\t\t<p><strong>Performance +<\/strong><\/p>\t\t\t\t\t\t<\/div>\n\t\t\t\t<\/div>\n\t\t\t\t<div class=\"elementor-element elementor-element-649daae elementor-widget elementor-widget-text-editor\" data-id=\"649daae\" data-element_type=\"widget\" data-widget_type=\"text-editor.default\">\n\t\t\t\t<div class=\"elementor-widget-container\">\n\t\t\t\t\t\t\t<ul><li>in den St\u00e4rken 1,5 mm und 1,3 mm (matt)<\/li><li>in RAL 9016, verkehrswei\u00df<\/li><li>mit Gelcoat<\/li><li>lackierbar<\/li><li>bis zu einer maximalen Breite von 3.000 mm und in matt bis zu 2.500 mm<\/li><li><a href=\"https:\/\/www.paneeltec.de\/wp-content\/uploads\/2021\/06\/2019-07_Datenblaetter_P1.pdf\">Mehr erfahren&#8230;<\/a><\/li><\/ul>\t\t\t\t\t\t<\/div>\n\t\t\t\t<\/div>\n\t\t\t\t\t<\/div>\n\t\t<\/div>\n\t\t\t\t\t\t\t<\/div>\n\t\t<\/section>\n\t\t\t\t<section class=\"elementor-section elementor-inner-section elementor-element elementor-element-9b0ff56 elementor-section-boxed elementor-section-height-default elementor-section-height-default\" data-id=\"9b0ff56\" data-element_type=\"section\">\n\t\t\t\t\t\t<div class=\"elementor-container elementor-column-gap-default\">\n\t\t\t\t\t<div class=\"elementor-column elementor-col-50 elementor-inner-column elementor-element elementor-element-2558a7d\" data-id=\"2558a7d\" data-element_type=\"column\">\n\t\t\t<div class=\"elementor-widget-wrap elementor-element-populated\">\n\t\t\t\t\t\t\t\t<div class=\"elementor-element elementor-element-570668c elementor-invisible elementor-widget elementor-widget-image\" data-id=\"570668c\" data-element_type=\"widget\" data-settings=\"{&quot;_animation&quot;:&quot;zoomIn&quot;}\" data-widget_type=\"image.default\">\n\t\t\t\t<div class=\"elementor-widget-container\">\n\t\t\t\t\t\t\t\t\t\t\t\t\t\t\t<img loading=\"lazy\" decoding=\"async\" width=\"1024\" height=\"881\" src=\"https:\/\/kabinenschmiede.de\/wp\/wp-content\/uploads\/2023\/11\/HighGloss-WR-1024x881.jpg\" class=\"attachment-large size-large wp-image-689\" alt=\"\" srcset=\"https:\/\/kabinenschmiede.de\/wp\/wp-content\/uploads\/2023\/11\/HighGloss-WR-1024x881.jpg 1024w, https:\/\/kabinenschmiede.de\/wp\/wp-content\/uploads\/2023\/11\/HighGloss-WR-300x258.jpg 300w, https:\/\/kabinenschmiede.de\/wp\/wp-content\/uploads\/2023\/11\/HighGloss-WR-768x661.jpg 768w, https:\/\/kabinenschmiede.de\/wp\/wp-content\/uploads\/2023\/11\/HighGloss-WR-1536x1322.jpg 1536w, https:\/\/kabinenschmiede.de\/wp\/wp-content\/uploads\/2023\/11\/HighGloss-WR-2048x1763.jpg 2048w\" sizes=\"(max-width: 1024px) 100vw, 1024px\" \/>\t\t\t\t\t\t\t\t\t\t\t\t\t\t\t<\/div>\n\t\t\t\t<\/div>\n\t\t\t\t<div class=\"elementor-element elementor-element-3bfe912 elementor-widget elementor-widget-text-editor\" data-id=\"3bfe912\" data-element_type=\"widget\" data-widget_type=\"text-editor.default\">\n\t\t\t\t<div class=\"elementor-widget-container\">\n\t\t\t\t\t\t\t<p><strong>HighGloss WR<\/strong><\/p>\t\t\t\t\t\t<\/div>\n\t\t\t\t<\/div>\n\t\t\t\t<div class=\"elementor-element elementor-element-ff9ebd2 elementor-widget elementor-widget-text-editor\" data-id=\"ff9ebd2\" data-element_type=\"widget\" data-widget_type=\"text-editor.default\">\n\t\t\t\t<div class=\"elementor-widget-container\">\n\t\t\t\t\t\t\t<ul><li>in den St\u00e4rken 1,3 mm und 1,5 mm (matt)<\/li><li><span style=\"font-family: var(--bodyfontfamily),var(--nv-fallback-ff); font-size: var(--bodyfontsize); letter-spacing: var(--bodyletterspacing); text-transform: var(--bodytexttransform);\">in RAL 9016, verkehrswei\u00df<\/span><\/li><li>mit Gelcoat<\/li><li>lackierbar<\/li><li>bis zu einer maximalen Breite von 2.980 mm und in matt bis zu 2.200 mm<\/li><li><a href=\"https:\/\/www.paneeltec.de\/wp-content\/uploads\/2021\/06\/2019-07_Datenblaetter_EP.pdf\" data-wplink-edit=\"true\">Mehr erfahren&#8230;<\/a><\/li><\/ul>\t\t\t\t\t\t<\/div>\n\t\t\t\t<\/div>\n\t\t\t\t\t<\/div>\n\t\t<\/div>\n\t\t\t\t<div class=\"elementor-column elementor-col-50 elementor-inner-column elementor-element elementor-element-dc6f223\" data-id=\"dc6f223\" data-element_type=\"column\">\n\t\t\t<div class=\"elementor-widget-wrap\">\n\t\t\t\t\t\t\t\t\t<\/div>\n\t\t<\/div>\n\t\t\t\t\t\t\t<\/div>\n\t\t<\/section>\n\t\t\t\t<section class=\"elementor-section elementor-inner-section elementor-element elementor-element-c5205f1 elementor-section-boxed elementor-section-height-default elementor-section-height-default\" data-id=\"c5205f1\" data-element_type=\"section\">\n\t\t\t\t\t\t<div class=\"elementor-container elementor-column-gap-default\">\n\t\t\t\t\t<div class=\"elementor-column elementor-col-50 elementor-inner-column elementor-element elementor-element-429f381\" data-id=\"429f381\" data-element_type=\"column\">\n\t\t\t<div class=\"elementor-widget-wrap elementor-element-populated\">\n\t\t\t\t\t\t\t\t<div class=\"elementor-element elementor-element-bcd8b4f elementor-invisible elementor-widget elementor-widget-image\" data-id=\"bcd8b4f\" data-element_type=\"widget\" data-settings=\"{&quot;_animation&quot;:&quot;zoomIn&quot;}\" data-widget_type=\"image.default\">\n\t\t\t\t<div class=\"elementor-widget-container\">\n\t\t\t\t\t\t\t\t\t\t\t\t\t\t\t<img loading=\"lazy\" decoding=\"async\" width=\"1024\" height=\"1024\" src=\"https:\/\/kabinenschmiede.de\/wp\/wp-content\/uploads\/2023\/11\/Anti-Slip-Style-RAL-7040-1024x1024.png\" class=\"attachment-large size-large wp-image-690\" alt=\"\" srcset=\"https:\/\/kabinenschmiede.de\/wp\/wp-content\/uploads\/2023\/11\/Anti-Slip-Style-RAL-7040-1024x1024.png 1024w, https:\/\/kabinenschmiede.de\/wp\/wp-content\/uploads\/2023\/11\/Anti-Slip-Style-RAL-7040-300x300.png 300w, https:\/\/kabinenschmiede.de\/wp\/wp-content\/uploads\/2023\/11\/Anti-Slip-Style-RAL-7040-150x150.png 150w, https:\/\/kabinenschmiede.de\/wp\/wp-content\/uploads\/2023\/11\/Anti-Slip-Style-RAL-7040-768x768.png 768w, https:\/\/kabinenschmiede.de\/wp\/wp-content\/uploads\/2023\/11\/Anti-Slip-Style-RAL-7040.png 1280w\" sizes=\"(max-width: 1024px) 100vw, 1024px\" \/>\t\t\t\t\t\t\t\t\t\t\t\t\t\t\t<\/div>\n\t\t\t\t<\/div>\n\t\t\t\t<div class=\"elementor-element elementor-element-2bd350c elementor-widget elementor-widget-text-editor\" data-id=\"2bd350c\" data-element_type=\"widget\" data-widget_type=\"text-editor.default\">\n\t\t\t\t<div class=\"elementor-widget-container\">\n\t\t\t\t\t\t\t<p><strong>AntiSlip Style<\/strong><\/p>\t\t\t\t\t\t<\/div>\n\t\t\t\t<\/div>\n\t\t\t\t<div class=\"elementor-element elementor-element-ecdebe6 elementor-widget elementor-widget-text-editor\" data-id=\"ecdebe6\" data-element_type=\"widget\" data-widget_type=\"text-editor.default\">\n\t\t\t\t<div class=\"elementor-widget-container\">\n\t\t\t\t\t\t\t<ul><li>in der St\u00e4rke 1,5 mm<\/li><li><span style=\"font-family: var(--bodyfontfamily),var(--nv-fallback-ff); font-size: var(--bodyfontsize); letter-spacing: var(--bodyletterspacing); text-transform: var(--bodytexttransform);\">in RAL 7040<\/span><\/li><li>bis zu einer maximalen Breite von 2.500 mm<\/li><li><a href=\"https:\/\/www.paneeltec.de\/wp-content\/uploads\/2021\/06\/2019-07_Datenblaetter_EP.pdf\" data-wplink-edit=\"true\">Mehr erfahren&#8230;<\/a><\/li><\/ul>\t\t\t\t\t\t<\/div>\n\t\t\t\t<\/div>\n\t\t\t\t\t<\/div>\n\t\t<\/div>\n\t\t\t\t<div class=\"elementor-column elementor-col-50 elementor-inner-column elementor-element elementor-element-021c58c\" data-id=\"021c58c\" data-element_type=\"column\">\n\t\t\t<div class=\"elementor-widget-wrap elementor-element-populated\">\n\t\t\t\t\t\t\t\t<div class=\"elementor-element elementor-element-8927820 elementor-invisible elementor-widget elementor-widget-image\" data-id=\"8927820\" data-element_type=\"widget\" data-settings=\"{&quot;_animation&quot;:&quot;zoomIn&quot;}\" data-widget_type=\"image.default\">\n\t\t\t\t<div class=\"elementor-widget-container\">\n\t\t\t\t\t\t\t\t\t\t\t\t\t\t\t<img loading=\"lazy\" decoding=\"async\" width=\"1024\" height=\"1024\" src=\"https:\/\/kabinenschmiede.de\/wp\/wp-content\/uploads\/2023\/11\/Anti_Slip_mittel_RAL_7030-1024x1024.png\" class=\"attachment-large size-large wp-image-691\" alt=\"\" srcset=\"https:\/\/kabinenschmiede.de\/wp\/wp-content\/uploads\/2023\/11\/Anti_Slip_mittel_RAL_7030-1024x1024.png 1024w, https:\/\/kabinenschmiede.de\/wp\/wp-content\/uploads\/2023\/11\/Anti_Slip_mittel_RAL_7030-300x300.png 300w, https:\/\/kabinenschmiede.de\/wp\/wp-content\/uploads\/2023\/11\/Anti_Slip_mittel_RAL_7030-150x150.png 150w, https:\/\/kabinenschmiede.de\/wp\/wp-content\/uploads\/2023\/11\/Anti_Slip_mittel_RAL_7030-768x768.png 768w, https:\/\/kabinenschmiede.de\/wp\/wp-content\/uploads\/2023\/11\/Anti_Slip_mittel_RAL_7030-1536x1536.png 1536w, https:\/\/kabinenschmiede.de\/wp\/wp-content\/uploads\/2023\/11\/Anti_Slip_mittel_RAL_7030.png 2048w\" sizes=\"(max-width: 1024px) 100vw, 1024px\" \/>\t\t\t\t\t\t\t\t\t\t\t\t\t\t\t<\/div>\n\t\t\t\t<\/div>\n\t\t\t\t<div class=\"elementor-element elementor-element-2afc1a5 elementor-widget elementor-widget-text-editor\" data-id=\"2afc1a5\" data-element_type=\"widget\" data-widget_type=\"text-editor.default\">\n\t\t\t\t<div class=\"elementor-widget-container\">\n\t\t\t\t\t\t\t<p><strong>AntiSlip Steingrau<\/strong><\/p>\t\t\t\t\t\t<\/div>\n\t\t\t\t<\/div>\n\t\t\t\t<div class=\"elementor-element elementor-element-c898d26 elementor-widget elementor-widget-text-editor\" data-id=\"c898d26\" data-element_type=\"widget\" data-widget_type=\"text-editor.default\">\n\t\t\t\t<div class=\"elementor-widget-container\">\n\t\t\t\t\t\t\t<ul><li>in der St\u00e4rke 1,5 mm<\/li><li><span style=\"font-family: var(--bodyfontfamily),var(--nv-fallback-ff); font-size: var(--bodyfontsize); letter-spacing: var(--bodyletterspacing); text-transform: var(--bodytexttransform);\">in RAL 7030<\/span><\/li><li><span style=\"font-family: var(--bodyfontfamily),var(--nv-fallback-ff); font-size: var(--bodyfontsize); letter-spacing: var(--bodyletterspacing); text-transform: var(--bodytexttransform);\">mit definiertem Reibwert<\/span><\/li><li>bis zu einer maximalen Breite von 2.500 mm<\/li><li><a href=\"https:\/\/www.paneeltec.de\/wp-content\/uploads\/2021\/06\/2019-07_Datenblaetter_EP.pdf\">Mehr erfahren&#8230;<\/a><\/li><\/ul>\t\t\t\t\t\t<\/div>\n\t\t\t\t<\/div>\n\t\t\t\t\t<\/div>\n\t\t<\/div>\n\t\t\t\t\t\t\t<\/div>\n\t\t<\/section>\n\t\t\t\t\t<\/div>\n\t\t<\/div>\n\t\t\t\t\t\t\t<\/div>\n\t\t<\/section>\n\t\t\t\t\t\t\t<\/div>\n\t\t","protected":false},"excerpt":{"rendered":"<p>Deckschichten F\u00fcr alle Anforderungen &#8211; in spezifischen Qualit\u00e4ten Die Standard-Deckschichten, welche f\u00fcr die individuelle Fertigung von Sandwichpaneelen eingesetzt werden und GFK-Flachbahnen (glasfaserverst\u00e4rkter Kunststoff) aus deutscher Herstellung. Die unterschiedlichen Qualit\u00e4ten sind definiert durch:\u00a0 den Oberfl\u00e4chenschutz mit Gelcoat die Glaseinlagen als Vlies, Matte oder Gewebe\/Gelege die hohe optische Qualit\u00e4t bis zur High-Gloss-Premiumoberfl\u00e4che f\u00fcr hochwertige optische Anforderungen St\u00e4rken&hellip;&nbsp;<a href=\"https:\/\/kabinenschmiede.de\/wp\/?page_id=237\" class=\"\" rel=\"bookmark\">Weiterlesen &raquo;<span class=\"screen-reader-text\">Deckschichten<\/span><\/a><\/p>\n","protected":false},"author":2,"featured_media":0,"parent":0,"menu_order":0,"comment_status":"closed","ping_status":"closed","template":"page-templates\/template-pagebuilder-full-width.php","meta":{"neve_meta_sidebar":"full-width","neve_meta_container":"","neve_meta_enable_content_width":"on","neve_meta_content_width":100,"neve_meta_title_alignment":"","neve_meta_author_avatar":"","neve_post_elements_order":"","neve_meta_disable_header":"","neve_meta_disable_footer":"","neve_meta_disable_title":"on","_ti_tpc_template_sync":false,"_ti_tpc_template_id":"","footnotes":""},"class_list":["post-237","page","type-page","status-publish","hentry"],"yoast_head":"<!-- This site is optimized with the Yoast SEO plugin v21.2 - https:\/\/yoast.com\/wordpress\/plugins\/seo\/ -->\n<title>Deckschichten - Kabinenschmiede Schleusingen<\/title>\n<meta name=\"robots\" content=\"index, follow, max-snippet:-1, max-image-preview:large, max-video-preview:-1\" \/>\n<link rel=\"canonical\" href=\"https:\/\/kabinenschmiede.de\/wp\/?page_id=237\" \/>\n<meta property=\"og:locale\" content=\"de_DE\" \/>\n<meta property=\"og:type\" content=\"article\" \/>\n<meta property=\"og:title\" content=\"Deckschichten - Kabinenschmiede Schleusingen\" \/>\n<meta property=\"og:description\" content=\"Deckschichten F\u00fcr alle Anforderungen &#8211; in spezifischen Qualit\u00e4ten Die Standard-Deckschichten, welche f\u00fcr die individuelle Fertigung von Sandwichpaneelen eingesetzt werden und GFK-Flachbahnen (glasfaserverst\u00e4rkter Kunststoff) aus deutscher Herstellung. Die unterschiedlichen Qualit\u00e4ten sind definiert durch:\u00a0 den Oberfl\u00e4chenschutz mit Gelcoat die Glaseinlagen als Vlies, Matte oder Gewebe\/Gelege die hohe optische Qualit\u00e4t bis zur High-Gloss-Premiumoberfl\u00e4che f\u00fcr hochwertige optische Anforderungen St\u00e4rken&hellip;&nbsp;Weiterlesen &raquo;Deckschichten\" \/>\n<meta property=\"og:url\" content=\"https:\/\/kabinenschmiede.de\/wp\/?page_id=237\" \/>\n<meta property=\"og:site_name\" content=\"Kabinenschmiede Schleusingen\" \/>\n<meta property=\"article:modified_time\" content=\"2025-06-12T13:47:36+00:00\" \/>\n<meta property=\"og:image\" content=\"https:\/\/kabinenschmiede.de\/wp\/wp-content\/uploads\/2023\/07\/2019-07_Deckschichten-1024x205.jpg\" \/>\n<meta name=\"twitter:card\" content=\"summary_large_image\" \/>\n<meta name=\"twitter:label1\" content=\"Gesch\u00e4tzte Lesezeit\" \/>\n\t<meta name=\"twitter:data1\" content=\"6\u00a0Minuten\" \/>\n<script type=\"application\/ld+json\" class=\"yoast-schema-graph\">{\"@context\":\"https:\/\/schema.org\",\"@graph\":[{\"@type\":\"WebPage\",\"@id\":\"https:\/\/kabinenschmiede.de\/wp\/?page_id=237\",\"url\":\"https:\/\/kabinenschmiede.de\/wp\/?page_id=237\",\"name\":\"Deckschichten - Kabinenschmiede Schleusingen\",\"isPartOf\":{\"@id\":\"https:\/\/kabinenschmiede.de\/wp\/#website\"},\"datePublished\":\"2022-11-11T14:38:32+00:00\",\"dateModified\":\"2025-06-12T13:47:36+00:00\",\"breadcrumb\":{\"@id\":\"https:\/\/kabinenschmiede.de\/wp\/?page_id=237#breadcrumb\"},\"inLanguage\":\"de\",\"potentialAction\":[{\"@type\":\"ReadAction\",\"target\":[\"https:\/\/kabinenschmiede.de\/wp\/?page_id=237\"]}]},{\"@type\":\"BreadcrumbList\",\"@id\":\"https:\/\/kabinenschmiede.de\/wp\/?page_id=237#breadcrumb\",\"itemListElement\":[{\"@type\":\"ListItem\",\"position\":1,\"name\":\"Home\",\"item\":\"https:\/\/kabinenschmiede.de\/wp\/\"},{\"@type\":\"ListItem\",\"position\":2,\"name\":\"Deckschichten\"}]},{\"@type\":\"WebSite\",\"@id\":\"https:\/\/kabinenschmiede.de\/wp\/#website\",\"url\":\"https:\/\/kabinenschmiede.de\/wp\/\",\"name\":\"Kabinenschmiede Schleusingen\",\"description\":\"\",\"publisher\":{\"@id\":\"https:\/\/kabinenschmiede.de\/wp\/#organization\"},\"potentialAction\":[{\"@type\":\"SearchAction\",\"target\":{\"@type\":\"EntryPoint\",\"urlTemplate\":\"https:\/\/kabinenschmiede.de\/wp\/?s={search_term_string}\"},\"query-input\":\"required name=search_term_string\"}],\"inLanguage\":\"de\"},{\"@type\":\"Organization\",\"@id\":\"https:\/\/kabinenschmiede.de\/wp\/#organization\",\"name\":\"Kabinenschmiede Schleusingen\",\"url\":\"https:\/\/kabinenschmiede.de\/wp\/\",\"logo\":{\"@type\":\"ImageObject\",\"inLanguage\":\"de\",\"@id\":\"https:\/\/kabinenschmiede.de\/wp\/#\/schema\/logo\/image\/\",\"url\":\"\",\"contentUrl\":\"\",\"caption\":\"Kabinenschmiede Schleusingen\"},\"image\":{\"@id\":\"https:\/\/kabinenschmiede.de\/wp\/#\/schema\/logo\/image\/\"}}]}<\/script>\n<!-- \/ Yoast SEO plugin. -->","yoast_head_json":{"title":"Deckschichten - Kabinenschmiede Schleusingen","robots":{"index":"index","follow":"follow","max-snippet":"max-snippet:-1","max-image-preview":"max-image-preview:large","max-video-preview":"max-video-preview:-1"},"canonical":"https:\/\/kabinenschmiede.de\/wp\/?page_id=237","og_locale":"de_DE","og_type":"article","og_title":"Deckschichten - Kabinenschmiede Schleusingen","og_description":"Deckschichten F\u00fcr alle Anforderungen &#8211; in spezifischen Qualit\u00e4ten Die Standard-Deckschichten, welche f\u00fcr die individuelle Fertigung von Sandwichpaneelen eingesetzt werden und GFK-Flachbahnen (glasfaserverst\u00e4rkter Kunststoff) aus deutscher Herstellung. Die unterschiedlichen Qualit\u00e4ten sind definiert durch:\u00a0 den Oberfl\u00e4chenschutz mit Gelcoat die Glaseinlagen als Vlies, Matte oder Gewebe\/Gelege die hohe optische Qualit\u00e4t bis zur High-Gloss-Premiumoberfl\u00e4che f\u00fcr hochwertige optische Anforderungen St\u00e4rken&hellip;&nbsp;Weiterlesen &raquo;Deckschichten","og_url":"https:\/\/kabinenschmiede.de\/wp\/?page_id=237","og_site_name":"Kabinenschmiede Schleusingen","article_modified_time":"2025-06-12T13:47:36+00:00","og_image":[{"url":"https:\/\/kabinenschmiede.de\/wp\/wp-content\/uploads\/2023\/07\/2019-07_Deckschichten-1024x205.jpg"}],"twitter_card":"summary_large_image","twitter_misc":{"Gesch\u00e4tzte Lesezeit":"6\u00a0Minuten"},"schema":{"@context":"https:\/\/schema.org","@graph":[{"@type":"WebPage","@id":"https:\/\/kabinenschmiede.de\/wp\/?page_id=237","url":"https:\/\/kabinenschmiede.de\/wp\/?page_id=237","name":"Deckschichten - Kabinenschmiede Schleusingen","isPartOf":{"@id":"https:\/\/kabinenschmiede.de\/wp\/#website"},"datePublished":"2022-11-11T14:38:32+00:00","dateModified":"2025-06-12T13:47:36+00:00","breadcrumb":{"@id":"https:\/\/kabinenschmiede.de\/wp\/?page_id=237#breadcrumb"},"inLanguage":"de","potentialAction":[{"@type":"ReadAction","target":["https:\/\/kabinenschmiede.de\/wp\/?page_id=237"]}]},{"@type":"BreadcrumbList","@id":"https:\/\/kabinenschmiede.de\/wp\/?page_id=237#breadcrumb","itemListElement":[{"@type":"ListItem","position":1,"name":"Home","item":"https:\/\/kabinenschmiede.de\/wp\/"},{"@type":"ListItem","position":2,"name":"Deckschichten"}]},{"@type":"WebSite","@id":"https:\/\/kabinenschmiede.de\/wp\/#website","url":"https:\/\/kabinenschmiede.de\/wp\/","name":"Kabinenschmiede Schleusingen","description":"","publisher":{"@id":"https:\/\/kabinenschmiede.de\/wp\/#organization"},"potentialAction":[{"@type":"SearchAction","target":{"@type":"EntryPoint","urlTemplate":"https:\/\/kabinenschmiede.de\/wp\/?s={search_term_string}"},"query-input":"required name=search_term_string"}],"inLanguage":"de"},{"@type":"Organization","@id":"https:\/\/kabinenschmiede.de\/wp\/#organization","name":"Kabinenschmiede Schleusingen","url":"https:\/\/kabinenschmiede.de\/wp\/","logo":{"@type":"ImageObject","inLanguage":"de","@id":"https:\/\/kabinenschmiede.de\/wp\/#\/schema\/logo\/image\/","url":"","contentUrl":"","caption":"Kabinenschmiede Schleusingen"},"image":{"@id":"https:\/\/kabinenschmiede.de\/wp\/#\/schema\/logo\/image\/"}}]}},"_links":{"self":[{"href":"https:\/\/kabinenschmiede.de\/wp\/index.php?rest_route=\/wp\/v2\/pages\/237"}],"collection":[{"href":"https:\/\/kabinenschmiede.de\/wp\/index.php?rest_route=\/wp\/v2\/pages"}],"about":[{"href":"https:\/\/kabinenschmiede.de\/wp\/index.php?rest_route=\/wp\/v2\/types\/page"}],"author":[{"embeddable":true,"href":"https:\/\/kabinenschmiede.de\/wp\/index.php?rest_route=\/wp\/v2\/users\/2"}],"replies":[{"embeddable":true,"href":"https:\/\/kabinenschmiede.de\/wp\/index.php?rest_route=%2Fwp%2Fv2%2Fcomments&post=237"}],"version-history":[{"count":70,"href":"https:\/\/kabinenschmiede.de\/wp\/index.php?rest_route=\/wp\/v2\/pages\/237\/revisions"}],"predecessor-version":[{"id":1061,"href":"https:\/\/kabinenschmiede.de\/wp\/index.php?rest_route=\/wp\/v2\/pages\/237\/revisions\/1061"}],"wp:attachment":[{"href":"https:\/\/kabinenschmiede.de\/wp\/index.php?rest_route=%2Fwp%2Fv2%2Fmedia&parent=237"}],"curies":[{"name":"wp","href":"https:\/\/api.w.org\/{rel}","templated":true}]}}